{"id":3451,"date":"2019-07-10T15:36:43","date_gmt":"2019-07-10T13:36:43","guid":{"rendered":"https:\/\/autate.fr\/site\/?post_type=tribe_events&#038;p=3451"},"modified":"2019-07-10T16:47:47","modified_gmt":"2019-07-10T14:47:47","slug":"rassemblement-contre-le-projet-de-3eme-ligne-de-metro","status":"publish","type":"tribe_events","link":"https:\/\/autate.fr\/site\/evenement\/rassemblement-contre-le-projet-de-3eme-ligne-de-metro\/","title":{"rendered":"rassemblement contre le projet de 3\u00e8me ligne de m\u00e9tro"},"content":{"rendered":"<p>NON \u00e0 la future la ligne de m\u00e9tro TAE et la liaison a\u00e9roport (LAE)\u00a0 :<\/p>\n<ul>\n<li>elle ampute la grosse majorit\u00e9 du budget d\u2019investissement des transports en commun, au d\u00e9triment du d\u00e9veloppement des transports en commun dans la p\u00e9riph\u00e9rie de l\u2019agglom\u00e9ration qui souffre d\u2019un manque de dessertes, de congestion automobile, et de pollution atmosph\u00e9rique due aux transports.<\/li>\n<li>elle ne permettra pas d&rsquo;augmenter fortement l\u2019usage des transports publics, du v\u00e9lo et de la marche \u00e0 pied et par cons\u00e9quent de faire baisser sensiblement la part modale de la voiture individuelle.<\/li>\n<li>l\u2019enjeu climatique n\u2019est pas une priorit\u00e9 dans le choix de faire de cette troisi\u00e8me ligne de m\u00e9tro.<\/li>\n<\/ul>\n<p>En cons\u00e9quent, l&rsquo;AUTATE donne un AVIS DEFAVORABLE au projet de r\u00e9alisation de la future la ligne de m\u00e9tro TAE.<\/p>\n","protected":false},"excerpt":{"rendered":"<p>NON \u00e0 la future la ligne de m\u00e9tro TAE et la liaison a\u00e9roport (LAE)\u00a0 : elle ampute la grosse majorit\u00e9 du budget d\u2019investissement des transports en commun, au d\u00e9triment du d\u00e9veloppement des transports en commun dans la p\u00e9riph\u00e9rie de l\u2019agglom\u00e9ration qui souffre d\u2019un manque de dessertes, de congestion automobile, et de pollution atmosph\u00e9rique due aux<\/p>\n<p class=\"more-link\"><a href=\"https:\/\/autate.fr\/site\/evenement\/rassemblement-contre-le-projet-de-3eme-ligne-de-metro\/\" class=\"themebutton2\">VOIR PLUS<\/a><\/p>\n","protected":false},"author":9,"featured_media":0,"template":"","meta":{"_tribe_events_status":"","_tribe_events_status_reason":"","footnotes":""},"tags":[],"tribe_events_cat":[],"class_list":["post-3451","tribe_events","type-tribe_events","status-publish","hentry"],"yoast_head":"<!-- This site is optimized with the Yoast SEO plugin v27.4 - https:\/\/yoast.com\/product\/yoast-seo-wordpress\/ -->\n<title>rassemblement contre le projet de 3\u00e8me ligne de m\u00e9tro - AUTATE<\/title>\n<meta name=\"robots\" content=\"index, follow, max-snippet:-1, max-image-preview:large, max-video-preview:-1\" \/>\n<link rel=\"canonical\" href=\"https:\/\/autate.fr\/site\/evenement\/rassemblement-contre-le-projet-de-3eme-ligne-de-metro\/\" \/>\n<meta property=\"og:locale\" content=\"fr_FR\" \/>\n<meta property=\"og:type\" content=\"article\" \/>\n<meta property=\"og:title\" content=\"rassemblement contre le projet de 3\u00e8me ligne de m\u00e9tro - AUTATE\" \/>\n<meta property=\"og:description\" content=\"NON \u00e0 la future la ligne de m\u00e9tro TAE et la liaison a\u00e9roport (LAE)\u00a0 : elle ampute la grosse majorit\u00e9 du budget d\u2019investissement des transports en commun, au d\u00e9triment du d\u00e9veloppement des transports en commun dans la p\u00e9riph\u00e9rie de l\u2019agglom\u00e9ration qui souffre d\u2019un manque de dessertes, de congestion automobile, et de pollution atmosph\u00e9rique due auxVOIR PLUS\" \/>\n<meta property=\"og:url\" content=\"https:\/\/autate.fr\/site\/evenement\/rassemblement-contre-le-projet-de-3eme-ligne-de-metro\/\" \/>\n<meta property=\"og:site_name\" content=\"AUTATE\" \/>\n<meta property=\"article:publisher\" content=\"https:\/\/www.facebook.com\/AutateToulouse\" \/>\n<meta property=\"article:modified_time\" content=\"2019-07-10T14:47:47+00:00\" \/>\n<meta name=\"twitter:card\" content=\"summary_large_image\" \/>\n<meta name=\"twitter:site\" content=\"@AutateToulouse\" \/>\n<meta name=\"twitter:label1\" content=\"Dur\u00e9e de lecture estim\u00e9e\" \/>\n\t<meta name=\"twitter:data1\" content=\"1 minute\" \/>\n<script type=\"application\/ld+json\" class=\"yoast-schema-graph\">{\"@context\":\"https:\\\/\\\/schema.org\",\"@graph\":[{\"@type\":\"WebPage\",\"@id\":\"https:\\\/\\\/autate.fr\\\/site\\\/evenement\\\/rassemblement-contre-le-projet-de-3eme-ligne-de-metro\\\/\",\"url\":\"https:\\\/\\\/autate.fr\\\/site\\\/evenement\\\/rassemblement-contre-le-projet-de-3eme-ligne-de-metro\\\/\",\"name\":\"rassemblement contre le projet de 3\u00e8me ligne de m\u00e9tro - AUTATE\",\"isPartOf\":{\"@id\":\"https:\\\/\\\/autate.fr\\\/site\\\/#website\"},\"datePublished\":\"2019-07-10T13:36:43+00:00\",\"dateModified\":\"2019-07-10T14:47:47+00:00\",\"breadcrumb\":{\"@id\":\"https:\\\/\\\/autate.fr\\\/site\\\/evenement\\\/rassemblement-contre-le-projet-de-3eme-ligne-de-metro\\\/#breadcrumb\"},\"inLanguage\":\"fr-FR\",\"potentialAction\":[{\"@type\":\"ReadAction\",\"target\":[\"https:\\\/\\\/autate.fr\\\/site\\\/evenement\\\/rassemblement-contre-le-projet-de-3eme-ligne-de-metro\\\/\"]}]},{\"@type\":\"BreadcrumbList\",\"@id\":\"https:\\\/\\\/autate.fr\\\/site\\\/evenement\\\/rassemblement-contre-le-projet-de-3eme-ligne-de-metro\\\/#breadcrumb\",\"itemListElement\":[{\"@type\":\"ListItem\",\"position\":1,\"name\":\"Accueil\",\"item\":\"https:\\\/\\\/autate.fr\\\/site\\\/\"},{\"@type\":\"ListItem\",\"position\":2,\"name\":\"\u00c9v\u00e8nements\",\"item\":\"https:\\\/\\\/autate.fr\\\/site\\\/agenda\\\/\"},{\"@type\":\"ListItem\",\"position\":3,\"name\":\"rassemblement contre le projet de 3\u00e8me ligne de m\u00e9tro\"}]},{\"@type\":\"WebSite\",\"@id\":\"https:\\\/\\\/autate.fr\\\/site\\\/#website\",\"url\":\"https:\\\/\\\/autate.fr\\\/site\\\/\",\"name\":\"AUTATE\",\"description\":\"Association des usagers des transports de l&#039;agglom\u00e9ration Toulousaine et de ses environs\",\"publisher\":{\"@id\":\"https:\\\/\\\/autate.fr\\\/site\\\/#organization\"},\"potentialAction\":[{\"@type\":\"SearchAction\",\"target\":{\"@type\":\"EntryPoint\",\"urlTemplate\":\"https:\\\/\\\/autate.fr\\\/site\\\/?s={search_term_string}\"},\"query-input\":{\"@type\":\"PropertyValueSpecification\",\"valueRequired\":true,\"valueName\":\"search_term_string\"}}],\"inLanguage\":\"fr-FR\"},{\"@type\":\"Organization\",\"@id\":\"https:\\\/\\\/autate.fr\\\/site\\\/#organization\",\"name\":\"AUTATE\",\"url\":\"https:\\\/\\\/autate.fr\\\/site\\\/\",\"logo\":{\"@type\":\"ImageObject\",\"inLanguage\":\"fr-FR\",\"@id\":\"https:\\\/\\\/autate.fr\\\/site\\\/#\\\/schema\\\/logo\\\/image\\\/\",\"url\":\"http:\\\/\\\/autate.fr\\\/site\\\/wp-content\\\/uploads\\\/2019\\\/01\\\/logo.png\",\"contentUrl\":\"http:\\\/\\\/autate.fr\\\/site\\\/wp-content\\\/uploads\\\/2019\\\/01\\\/logo.png\",\"width\":506,\"height\":280,\"caption\":\"AUTATE\"},\"image\":{\"@id\":\"https:\\\/\\\/autate.fr\\\/site\\\/#\\\/schema\\\/logo\\\/image\\\/\"},\"sameAs\":[\"https:\\\/\\\/www.facebook.com\\\/AutateToulouse\",\"https:\\\/\\\/x.com\\\/AutateToulouse\"]}]}<\/script>\n<!-- \/ Yoast SEO plugin. -->","yoast_head_json":{"title":"rassemblement contre le projet de 3\u00e8me ligne de m\u00e9tro - AUTATE","robots":{"index":"index","follow":"follow","max-snippet":"max-snippet:-1","max-image-preview":"max-image-preview:large","max-video-preview":"max-video-preview:-1"},"canonical":"https:\/\/autate.fr\/site\/evenement\/rassemblement-contre-le-projet-de-3eme-ligne-de-metro\/","og_locale":"fr_FR","og_type":"article","og_title":"rassemblement contre le projet de 3\u00e8me ligne de m\u00e9tro - AUTATE","og_description":"NON \u00e0 la future la ligne de m\u00e9tro TAE et la liaison a\u00e9roport (LAE)\u00a0 : elle ampute la grosse majorit\u00e9 du budget d\u2019investissement des transports en commun, au d\u00e9triment du d\u00e9veloppement des transports en commun dans la p\u00e9riph\u00e9rie de l\u2019agglom\u00e9ration qui souffre d\u2019un manque de dessertes, de congestion automobile, et de pollution atmosph\u00e9rique due auxVOIR PLUS","og_url":"https:\/\/autate.fr\/site\/evenement\/rassemblement-contre-le-projet-de-3eme-ligne-de-metro\/","og_site_name":"AUTATE","article_publisher":"https:\/\/www.facebook.com\/AutateToulouse","article_modified_time":"2019-07-10T14:47:47+00:00","twitter_card":"summary_large_image","twitter_site":"@AutateToulouse","twitter_misc":{"Dur\u00e9e de lecture estim\u00e9e":"1 minute"},"schema":{"@context":"https:\/\/schema.org","@graph":[{"@type":"WebPage","@id":"https:\/\/autate.fr\/site\/evenement\/rassemblement-contre-le-projet-de-3eme-ligne-de-metro\/","url":"https:\/\/autate.fr\/site\/evenement\/rassemblement-contre-le-projet-de-3eme-ligne-de-metro\/","name":"rassemblement contre le projet de 3\u00e8me ligne de m\u00e9tro - AUTATE","isPartOf":{"@id":"https:\/\/autate.fr\/site\/#website"},"datePublished":"2019-07-10T13:36:43+00:00","dateModified":"2019-07-10T14:47:47+00:00","breadcrumb":{"@id":"https:\/\/autate.fr\/site\/evenement\/rassemblement-contre-le-projet-de-3eme-ligne-de-metro\/#breadcrumb"},"inLanguage":"fr-FR","potentialAction":[{"@type":"ReadAction","target":["https:\/\/autate.fr\/site\/evenement\/rassemblement-contre-le-projet-de-3eme-ligne-de-metro\/"]}]},{"@type":"BreadcrumbList","@id":"https:\/\/autate.fr\/site\/evenement\/rassemblement-contre-le-projet-de-3eme-ligne-de-metro\/#breadcrumb","itemListElement":[{"@type":"ListItem","position":1,"name":"Accueil","item":"https:\/\/autate.fr\/site\/"},{"@type":"ListItem","position":2,"name":"\u00c9v\u00e8nements","item":"https:\/\/autate.fr\/site\/agenda\/"},{"@type":"ListItem","position":3,"name":"rassemblement contre le projet de 3\u00e8me ligne de m\u00e9tro"}]},{"@type":"WebSite","@id":"https:\/\/autate.fr\/site\/#website","url":"https:\/\/autate.fr\/site\/","name":"AUTATE","description":"Association des usagers des transports de l&#039;agglom\u00e9ration Toulousaine et de ses environs","publisher":{"@id":"https:\/\/autate.fr\/site\/#organization"},"potentialAction":[{"@type":"SearchAction","target":{"@type":"EntryPoint","urlTemplate":"https:\/\/autate.fr\/site\/?s={search_term_string}"},"query-input":{"@type":"PropertyValueSpecification","valueRequired":true,"valueName":"search_term_string"}}],"inLanguage":"fr-FR"},{"@type":"Organization","@id":"https:\/\/autate.fr\/site\/#organization","name":"AUTATE","url":"https:\/\/autate.fr\/site\/","logo":{"@type":"ImageObject","inLanguage":"fr-FR","@id":"https:\/\/autate.fr\/site\/#\/schema\/logo\/image\/","url":"http:\/\/autate.fr\/site\/wp-content\/uploads\/2019\/01\/logo.png","contentUrl":"http:\/\/autate.fr\/site\/wp-content\/uploads\/2019\/01\/logo.png","width":506,"height":280,"caption":"AUTATE"},"image":{"@id":"https:\/\/autate.fr\/site\/#\/schema\/logo\/image\/"},"sameAs":["https:\/\/www.facebook.com\/AutateToulouse","https:\/\/x.com\/AutateToulouse"]}]}},"_links":{"self":[{"href":"https:\/\/autate.fr\/site\/wp-json\/wp\/v2\/tribe_events\/3451","targetHints":{"allow":["GET"]}}],"collection":[{"href":"https:\/\/autate.fr\/site\/wp-json\/wp\/v2\/tribe_events"}],"about":[{"href":"https:\/\/autate.fr\/site\/wp-json\/wp\/v2\/types\/tribe_events"}],"author":[{"embeddable":true,"href":"https:\/\/autate.fr\/site\/wp-json\/wp\/v2\/users\/9"}],"version-history":[{"count":5,"href":"https:\/\/autate.fr\/site\/wp-json\/wp\/v2\/tribe_events\/3451\/revisions"}],"predecessor-version":[{"id":3457,"href":"https:\/\/autate.fr\/site\/wp-json\/wp\/v2\/tribe_events\/3451\/revisions\/3457"}],"wp:attachment":[{"href":"https:\/\/autate.fr\/site\/wp-json\/wp\/v2\/media?parent=3451"}],"wp:term":[{"taxonomy":"post_tag","embeddable":true,"href":"https:\/\/autate.fr\/site\/wp-json\/wp\/v2\/tags?post=3451"},{"taxonomy":"tribe_events_cat","embeddable":true,"href":"https:\/\/autate.fr\/site\/wp-json\/wp\/v2\/tribe_events_cat?post=3451"}],"curies":[{"name":"wp","href":"https:\/\/api.w.org\/{rel}","templated":true}]}}