{"id":2578,"date":"2018-03-19T22:13:29","date_gmt":"2018-03-19T21:13:29","guid":{"rendered":"http:\/\/autate.fr\/site\/?post_type=tribe_events&#038;p=2578"},"modified":"2018-03-19T22:13:29","modified_gmt":"2018-03-19T21:13:29","slug":"les-transports-dans-louest-de-lagglomeration","status":"publish","type":"tribe_events","link":"https:\/\/autate.fr\/site\/evenement\/les-transports-dans-louest-de-lagglomeration\/","title":{"rendered":"Les transports dans l\u2019ouest de l\u2019agglom\u00e9ration"},"content":{"rendered":"<p>L\u2019 AUTATE, le Collectif du D\u00e9sert de l\u2019Ouest et TAE (Tournefeuille Avenir Environnement) organisent une r\u00e9union sur<\/p>\n<p><strong>Les transports dans l\u2019ouest de l\u2019agglom\u00e9ration<\/strong><\/p>\n<p>lundi 26 mars \u00e0 18h30<\/p>\n<p>salle rouge du Phare \u00e0 Tournefeuille<\/p>\n<p>&#8211; Point sur la situation actuelle et \u00e0 venir des transports en commun du secteur<\/p>\n<p>&#8211; \u00c9changes autour de vos exp\u00e9riences, id\u00e9es, avis, \u2026<\/p>\n","protected":false},"excerpt":{"rendered":"<p>L\u2019 AUTATE, le Collectif du D\u00e9sert de l\u2019Ouest et TAE (Tournefeuille Avenir Environnement) organisent une r\u00e9union sur Les transports dans l\u2019ouest de l\u2019agglom\u00e9ration lundi 26 mars \u00e0 18h30 salle rouge du Phare \u00e0 Tournefeuille &#8211; Point sur la situation actuelle et \u00e0 venir des transports en commun du secteur &#8211; \u00c9changes autour de vos exp\u00e9riences,<\/p>\n<p class=\"more-link\"><a href=\"https:\/\/autate.fr\/site\/evenement\/les-transports-dans-louest-de-lagglomeration\/\" class=\"themebutton2\">VOIR PLUS<\/a><\/p>\n","protected":false},"author":1,"featured_media":0,"template":"","meta":{"_tribe_events_status":"","_tribe_events_status_reason":"","footnotes":""},"tags":[],"tribe_events_cat":[183],"class_list":["post-2578","tribe_events","type-tribe_events","status-publish","hentry","tribe_events_cat-reunions-publiques","cat_reunions-publiques"],"yoast_head":"<!-- This site is optimized with the Yoast SEO plugin v27.4 - https:\/\/yoast.com\/product\/yoast-seo-wordpress\/ -->\n<title>Les transports dans l\u2019ouest de l\u2019agglom\u00e9ration - AUTATE<\/title>\n<meta name=\"robots\" content=\"index, follow, max-snippet:-1, max-image-preview:large, max-video-preview:-1\" \/>\n<link rel=\"canonical\" href=\"https:\/\/autate.fr\/site\/evenement\/les-transports-dans-louest-de-lagglomeration\/\" \/>\n<meta property=\"og:locale\" content=\"fr_FR\" \/>\n<meta property=\"og:type\" content=\"article\" \/>\n<meta property=\"og:title\" content=\"Les transports dans l\u2019ouest de l\u2019agglom\u00e9ration - AUTATE\" \/>\n<meta property=\"og:description\" content=\"L\u2019 AUTATE, le Collectif du D\u00e9sert de l\u2019Ouest et TAE (Tournefeuille Avenir Environnement) organisent une r\u00e9union sur Les transports dans l\u2019ouest de l\u2019agglom\u00e9ration lundi 26 mars \u00e0 18h30 salle rouge du Phare \u00e0 Tournefeuille &#8211; Point sur la situation actuelle et \u00e0 venir des transports en commun du secteur &#8211; \u00c9changes autour de vos exp\u00e9riences,VOIR PLUS\" \/>\n<meta property=\"og:url\" content=\"https:\/\/autate.fr\/site\/evenement\/les-transports-dans-louest-de-lagglomeration\/\" \/>\n<meta property=\"og:site_name\" content=\"AUTATE\" \/>\n<meta property=\"article:publisher\" content=\"https:\/\/www.facebook.com\/AutateToulouse\" \/>\n<meta name=\"twitter:card\" content=\"summary_large_image\" \/>\n<meta name=\"twitter:site\" content=\"@AutateToulouse\" \/>\n<script type=\"application\/ld+json\" class=\"yoast-schema-graph\">{\"@context\":\"https:\\\/\\\/schema.org\",\"@graph\":[{\"@type\":\"WebPage\",\"@id\":\"https:\\\/\\\/autate.fr\\\/site\\\/evenement\\\/les-transports-dans-louest-de-lagglomeration\\\/\",\"url\":\"https:\\\/\\\/autate.fr\\\/site\\\/evenement\\\/les-transports-dans-louest-de-lagglomeration\\\/\",\"name\":\"Les transports dans l\u2019ouest de l\u2019agglom\u00e9ration - AUTATE\",\"isPartOf\":{\"@id\":\"https:\\\/\\\/autate.fr\\\/site\\\/#website\"},\"datePublished\":\"2018-03-19T21:13:29+00:00\",\"breadcrumb\":{\"@id\":\"https:\\\/\\\/autate.fr\\\/site\\\/evenement\\\/les-transports-dans-louest-de-lagglomeration\\\/#breadcrumb\"},\"inLanguage\":\"fr-FR\",\"potentialAction\":[{\"@type\":\"ReadAction\",\"target\":[\"https:\\\/\\\/autate.fr\\\/site\\\/evenement\\\/les-transports-dans-louest-de-lagglomeration\\\/\"]}]},{\"@type\":\"BreadcrumbList\",\"@id\":\"https:\\\/\\\/autate.fr\\\/site\\\/evenement\\\/les-transports-dans-louest-de-lagglomeration\\\/#breadcrumb\",\"itemListElement\":[{\"@type\":\"ListItem\",\"position\":1,\"name\":\"Accueil\",\"item\":\"https:\\\/\\\/autate.fr\\\/site\\\/\"},{\"@type\":\"ListItem\",\"position\":2,\"name\":\"\u00c9v\u00e8nements\",\"item\":\"https:\\\/\\\/autate.fr\\\/site\\\/agenda\\\/\"},{\"@type\":\"ListItem\",\"position\":3,\"name\":\"Les transports dans l\u2019ouest de l\u2019agglom\u00e9ration\"}]},{\"@type\":\"WebSite\",\"@id\":\"https:\\\/\\\/autate.fr\\\/site\\\/#website\",\"url\":\"https:\\\/\\\/autate.fr\\\/site\\\/\",\"name\":\"AUTATE\",\"description\":\"Association des usagers des transports de l&#039;agglom\u00e9ration Toulousaine et de ses environs\",\"publisher\":{\"@id\":\"https:\\\/\\\/autate.fr\\\/site\\\/#organization\"},\"potentialAction\":[{\"@type\":\"SearchAction\",\"target\":{\"@type\":\"EntryPoint\",\"urlTemplate\":\"https:\\\/\\\/autate.fr\\\/site\\\/?s={search_term_string}\"},\"query-input\":{\"@type\":\"PropertyValueSpecification\",\"valueRequired\":true,\"valueName\":\"search_term_string\"}}],\"inLanguage\":\"fr-FR\"},{\"@type\":\"Organization\",\"@id\":\"https:\\\/\\\/autate.fr\\\/site\\\/#organization\",\"name\":\"AUTATE\",\"url\":\"https:\\\/\\\/autate.fr\\\/site\\\/\",\"logo\":{\"@type\":\"ImageObject\",\"inLanguage\":\"fr-FR\",\"@id\":\"https:\\\/\\\/autate.fr\\\/site\\\/#\\\/schema\\\/logo\\\/image\\\/\",\"url\":\"http:\\\/\\\/autate.fr\\\/site\\\/wp-content\\\/uploads\\\/2019\\\/01\\\/logo.png\",\"contentUrl\":\"http:\\\/\\\/autate.fr\\\/site\\\/wp-content\\\/uploads\\\/2019\\\/01\\\/logo.png\",\"width\":506,\"height\":280,\"caption\":\"AUTATE\"},\"image\":{\"@id\":\"https:\\\/\\\/autate.fr\\\/site\\\/#\\\/schema\\\/logo\\\/image\\\/\"},\"sameAs\":[\"https:\\\/\\\/www.facebook.com\\\/AutateToulouse\",\"https:\\\/\\\/x.com\\\/AutateToulouse\"]}]}<\/script>\n<!-- \/ Yoast SEO plugin. -->","yoast_head_json":{"title":"Les transports dans l\u2019ouest de l\u2019agglom\u00e9ration - AUTATE","robots":{"index":"index","follow":"follow","max-snippet":"max-snippet:-1","max-image-preview":"max-image-preview:large","max-video-preview":"max-video-preview:-1"},"canonical":"https:\/\/autate.fr\/site\/evenement\/les-transports-dans-louest-de-lagglomeration\/","og_locale":"fr_FR","og_type":"article","og_title":"Les transports dans l\u2019ouest de l\u2019agglom\u00e9ration - AUTATE","og_description":"L\u2019 AUTATE, le Collectif du D\u00e9sert de l\u2019Ouest et TAE (Tournefeuille Avenir Environnement) organisent une r\u00e9union sur Les transports dans l\u2019ouest de l\u2019agglom\u00e9ration lundi 26 mars \u00e0 18h30 salle rouge du Phare \u00e0 Tournefeuille &#8211; Point sur la situation actuelle et \u00e0 venir des transports en commun du secteur &#8211; \u00c9changes autour de vos exp\u00e9riences,VOIR PLUS","og_url":"https:\/\/autate.fr\/site\/evenement\/les-transports-dans-louest-de-lagglomeration\/","og_site_name":"AUTATE","article_publisher":"https:\/\/www.facebook.com\/AutateToulouse","twitter_card":"summary_large_image","twitter_site":"@AutateToulouse","schema":{"@context":"https:\/\/schema.org","@graph":[{"@type":"WebPage","@id":"https:\/\/autate.fr\/site\/evenement\/les-transports-dans-louest-de-lagglomeration\/","url":"https:\/\/autate.fr\/site\/evenement\/les-transports-dans-louest-de-lagglomeration\/","name":"Les transports dans l\u2019ouest de l\u2019agglom\u00e9ration - AUTATE","isPartOf":{"@id":"https:\/\/autate.fr\/site\/#website"},"datePublished":"2018-03-19T21:13:29+00:00","breadcrumb":{"@id":"https:\/\/autate.fr\/site\/evenement\/les-transports-dans-louest-de-lagglomeration\/#breadcrumb"},"inLanguage":"fr-FR","potentialAction":[{"@type":"ReadAction","target":["https:\/\/autate.fr\/site\/evenement\/les-transports-dans-louest-de-lagglomeration\/"]}]},{"@type":"BreadcrumbList","@id":"https:\/\/autate.fr\/site\/evenement\/les-transports-dans-louest-de-lagglomeration\/#breadcrumb","itemListElement":[{"@type":"ListItem","position":1,"name":"Accueil","item":"https:\/\/autate.fr\/site\/"},{"@type":"ListItem","position":2,"name":"\u00c9v\u00e8nements","item":"https:\/\/autate.fr\/site\/agenda\/"},{"@type":"ListItem","position":3,"name":"Les transports dans l\u2019ouest de l\u2019agglom\u00e9ration"}]},{"@type":"WebSite","@id":"https:\/\/autate.fr\/site\/#website","url":"https:\/\/autate.fr\/site\/","name":"AUTATE","description":"Association des usagers des transports de l&#039;agglom\u00e9ration Toulousaine et de ses environs","publisher":{"@id":"https:\/\/autate.fr\/site\/#organization"},"potentialAction":[{"@type":"SearchAction","target":{"@type":"EntryPoint","urlTemplate":"https:\/\/autate.fr\/site\/?s={search_term_string}"},"query-input":{"@type":"PropertyValueSpecification","valueRequired":true,"valueName":"search_term_string"}}],"inLanguage":"fr-FR"},{"@type":"Organization","@id":"https:\/\/autate.fr\/site\/#organization","name":"AUTATE","url":"https:\/\/autate.fr\/site\/","logo":{"@type":"ImageObject","inLanguage":"fr-FR","@id":"https:\/\/autate.fr\/site\/#\/schema\/logo\/image\/","url":"http:\/\/autate.fr\/site\/wp-content\/uploads\/2019\/01\/logo.png","contentUrl":"http:\/\/autate.fr\/site\/wp-content\/uploads\/2019\/01\/logo.png","width":506,"height":280,"caption":"AUTATE"},"image":{"@id":"https:\/\/autate.fr\/site\/#\/schema\/logo\/image\/"},"sameAs":["https:\/\/www.facebook.com\/AutateToulouse","https:\/\/x.com\/AutateToulouse"]}]}},"_links":{"self":[{"href":"https:\/\/autate.fr\/site\/wp-json\/wp\/v2\/tribe_events\/2578","targetHints":{"allow":["GET"]}}],"collection":[{"href":"https:\/\/autate.fr\/site\/wp-json\/wp\/v2\/tribe_events"}],"about":[{"href":"https:\/\/autate.fr\/site\/wp-json\/wp\/v2\/types\/tribe_events"}],"author":[{"embeddable":true,"href":"https:\/\/autate.fr\/site\/wp-json\/wp\/v2\/users\/1"}],"version-history":[{"count":1,"href":"https:\/\/autate.fr\/site\/wp-json\/wp\/v2\/tribe_events\/2578\/revisions"}],"predecessor-version":[{"id":2579,"href":"https:\/\/autate.fr\/site\/wp-json\/wp\/v2\/tribe_events\/2578\/revisions\/2579"}],"wp:attachment":[{"href":"https:\/\/autate.fr\/site\/wp-json\/wp\/v2\/media?parent=2578"}],"wp:term":[{"taxonomy":"post_tag","embeddable":true,"href":"https:\/\/autate.fr\/site\/wp-json\/wp\/v2\/tags?post=2578"},{"taxonomy":"tribe_events_cat","embeddable":true,"href":"https:\/\/autate.fr\/site\/wp-json\/wp\/v2\/tribe_events_cat?post=2578"}],"curies":[{"name":"wp","href":"https:\/\/api.w.org\/{rel}","templated":true}]}}