{"id":1420,"date":"2017-03-30T19:45:15","date_gmt":"2017-03-30T17:45:15","guid":{"rendered":"http:\/\/autate.fr\/site\/?post_type=tribe_events&#038;p=1420"},"modified":"2017-03-30T19:45:15","modified_gmt":"2017-03-30T17:45:15","slug":"discussion-sur-le-theme-de-la-voiture-immobile","status":"publish","type":"tribe_events","link":"https:\/\/autate.fr\/site\/evenement\/discussion-sur-le-theme-de-la-voiture-immobile\/","title":{"rendered":"discussion sur le th\u00e8me de la voiture immobile"},"content":{"rendered":"<p>Suite \u00e0 plusieurs discussions dans les groupes de travail sur la r\u00e9vision du PDU et sur le projet TESO, o\u00f9 la question a \u00e9t\u00e9 abord\u00e9e mais jamais trait\u00e9e de fa\u00e7on sp\u00e9cifique, Jean-Luc Zitter (Union des comit\u00e9s de quartiers \u2013 quartier Marengo ) vous invite \u00e0 une discussion sur le th\u00e8me de la voiture immobile le mardi 4 avril \u00e0 18h en salle marengo (salle associative en rez-de-chauss\u00e9e, place de la l\u00e9gion d&rsquo;honneur).<\/p>\n<p>Les trajets en voiture repr\u00e9sente environ 2\/3 des trajets quotidiens sur l&rsquo;agglom\u00e9ration Toulousaine. A travers la r\u00e9vision du PDU, ce type de mobilit\u00e9s est essentiellement pens\u00e9 dans une tension entre voiture individuelle et transports en commun. En revanche, la question de l&rsquo;entreposage des v\u00e9hicules est peu pr\u00e9sente, alors m\u00eame que les r\u00e8gles qui l&rsquo;encadrent tendent \u00e0 favoriser leur utilisation en journ\u00e9e (tarif de parking pr\u00e9f\u00e9rentiel pour la nuit, dur\u00e9e de stationnement limit\u00e9e en journ\u00e9e \u00e0 2h, contrainte sur les v\u00e9hicules \u00a0\u00bbventouses\u00a0\u00bb, limitation des places de parking dans les construction r\u00e9centes). Comment sortir de ces injonctions paradoxales ?<\/p>\n","protected":false},"excerpt":{"rendered":"<p>Suite \u00e0 plusieurs discussions dans les groupes de travail sur la r\u00e9vision du PDU et sur le projet TESO, o\u00f9 la question a \u00e9t\u00e9 abord\u00e9e mais jamais trait\u00e9e de fa\u00e7on sp\u00e9cifique, Jean-Luc Zitter (Union des comit\u00e9s de quartiers \u2013 quartier Marengo ) vous invite \u00e0 une discussion sur le th\u00e8me de la voiture immobile le<\/p>\n<p class=\"more-link\"><a href=\"https:\/\/autate.fr\/site\/evenement\/discussion-sur-le-theme-de-la-voiture-immobile\/\" class=\"themebutton2\">VOIR PLUS<\/a><\/p>\n","protected":false},"author":1,"featured_media":0,"template":"","meta":{"_tribe_events_status":"","_tribe_events_status_reason":"","footnotes":""},"tags":[],"tribe_events_cat":[184],"class_list":["post-1420","tribe_events","type-tribe_events","status-publish","hentry","tribe_events_cat-debats","cat_debats"],"yoast_head":"<!-- This site is optimized with the Yoast SEO plugin v27.4 - https:\/\/yoast.com\/product\/yoast-seo-wordpress\/ -->\n<title>discussion sur le th\u00e8me de la voiture immobile - AUTATE<\/title>\n<meta name=\"robots\" content=\"index, follow, max-snippet:-1, max-image-preview:large, max-video-preview:-1\" \/>\n<link rel=\"canonical\" href=\"https:\/\/autate.fr\/site\/evenement\/discussion-sur-le-theme-de-la-voiture-immobile\/\" \/>\n<meta property=\"og:locale\" content=\"fr_FR\" \/>\n<meta property=\"og:type\" content=\"article\" \/>\n<meta property=\"og:title\" content=\"discussion sur le th\u00e8me de la voiture immobile - AUTATE\" \/>\n<meta property=\"og:description\" content=\"Suite \u00e0 plusieurs discussions dans les groupes de travail sur la r\u00e9vision du PDU et sur le projet TESO, o\u00f9 la question a \u00e9t\u00e9 abord\u00e9e mais jamais trait\u00e9e de fa\u00e7on sp\u00e9cifique, Jean-Luc Zitter (Union des comit\u00e9s de quartiers \u2013 quartier Marengo ) vous invite \u00e0 une discussion sur le th\u00e8me de la voiture immobile leVOIR PLUS\" \/>\n<meta property=\"og:url\" content=\"https:\/\/autate.fr\/site\/evenement\/discussion-sur-le-theme-de-la-voiture-immobile\/\" \/>\n<meta property=\"og:site_name\" content=\"AUTATE\" \/>\n<meta property=\"article:publisher\" content=\"https:\/\/www.facebook.com\/AutateToulouse\" \/>\n<meta name=\"twitter:card\" content=\"summary_large_image\" \/>\n<meta name=\"twitter:site\" content=\"@AutateToulouse\" \/>\n<meta name=\"twitter:label1\" content=\"Dur\u00e9e de lecture estim\u00e9e\" \/>\n\t<meta name=\"twitter:data1\" content=\"1 minute\" \/>\n<script type=\"application\/ld+json\" class=\"yoast-schema-graph\">{\"@context\":\"https:\\\/\\\/schema.org\",\"@graph\":[{\"@type\":\"WebPage\",\"@id\":\"https:\\\/\\\/autate.fr\\\/site\\\/evenement\\\/discussion-sur-le-theme-de-la-voiture-immobile\\\/\",\"url\":\"https:\\\/\\\/autate.fr\\\/site\\\/evenement\\\/discussion-sur-le-theme-de-la-voiture-immobile\\\/\",\"name\":\"discussion sur le th\u00e8me de la voiture immobile - AUTATE\",\"isPartOf\":{\"@id\":\"https:\\\/\\\/autate.fr\\\/site\\\/#website\"},\"datePublished\":\"2017-03-30T17:45:15+00:00\",\"breadcrumb\":{\"@id\":\"https:\\\/\\\/autate.fr\\\/site\\\/evenement\\\/discussion-sur-le-theme-de-la-voiture-immobile\\\/#breadcrumb\"},\"inLanguage\":\"fr-FR\",\"potentialAction\":[{\"@type\":\"ReadAction\",\"target\":[\"https:\\\/\\\/autate.fr\\\/site\\\/evenement\\\/discussion-sur-le-theme-de-la-voiture-immobile\\\/\"]}]},{\"@type\":\"BreadcrumbList\",\"@id\":\"https:\\\/\\\/autate.fr\\\/site\\\/evenement\\\/discussion-sur-le-theme-de-la-voiture-immobile\\\/#breadcrumb\",\"itemListElement\":[{\"@type\":\"ListItem\",\"position\":1,\"name\":\"Accueil\",\"item\":\"https:\\\/\\\/autate.fr\\\/site\\\/\"},{\"@type\":\"ListItem\",\"position\":2,\"name\":\"\u00c9v\u00e8nements\",\"item\":\"https:\\\/\\\/autate.fr\\\/site\\\/agenda\\\/\"},{\"@type\":\"ListItem\",\"position\":3,\"name\":\"discussion sur le th\u00e8me de la voiture immobile\"}]},{\"@type\":\"WebSite\",\"@id\":\"https:\\\/\\\/autate.fr\\\/site\\\/#website\",\"url\":\"https:\\\/\\\/autate.fr\\\/site\\\/\",\"name\":\"AUTATE\",\"description\":\"Association des usagers des transports de l&#039;agglom\u00e9ration Toulousaine et de ses environs\",\"publisher\":{\"@id\":\"https:\\\/\\\/autate.fr\\\/site\\\/#organization\"},\"potentialAction\":[{\"@type\":\"SearchAction\",\"target\":{\"@type\":\"EntryPoint\",\"urlTemplate\":\"https:\\\/\\\/autate.fr\\\/site\\\/?s={search_term_string}\"},\"query-input\":{\"@type\":\"PropertyValueSpecification\",\"valueRequired\":true,\"valueName\":\"search_term_string\"}}],\"inLanguage\":\"fr-FR\"},{\"@type\":\"Organization\",\"@id\":\"https:\\\/\\\/autate.fr\\\/site\\\/#organization\",\"name\":\"AUTATE\",\"url\":\"https:\\\/\\\/autate.fr\\\/site\\\/\",\"logo\":{\"@type\":\"ImageObject\",\"inLanguage\":\"fr-FR\",\"@id\":\"https:\\\/\\\/autate.fr\\\/site\\\/#\\\/schema\\\/logo\\\/image\\\/\",\"url\":\"http:\\\/\\\/autate.fr\\\/site\\\/wp-content\\\/uploads\\\/2019\\\/01\\\/logo.png\",\"contentUrl\":\"http:\\\/\\\/autate.fr\\\/site\\\/wp-content\\\/uploads\\\/2019\\\/01\\\/logo.png\",\"width\":506,\"height\":280,\"caption\":\"AUTATE\"},\"image\":{\"@id\":\"https:\\\/\\\/autate.fr\\\/site\\\/#\\\/schema\\\/logo\\\/image\\\/\"},\"sameAs\":[\"https:\\\/\\\/www.facebook.com\\\/AutateToulouse\",\"https:\\\/\\\/x.com\\\/AutateToulouse\"]}]}<\/script>\n<!-- \/ Yoast SEO plugin. -->","yoast_head_json":{"title":"discussion sur le th\u00e8me de la voiture immobile - AUTATE","robots":{"index":"index","follow":"follow","max-snippet":"max-snippet:-1","max-image-preview":"max-image-preview:large","max-video-preview":"max-video-preview:-1"},"canonical":"https:\/\/autate.fr\/site\/evenement\/discussion-sur-le-theme-de-la-voiture-immobile\/","og_locale":"fr_FR","og_type":"article","og_title":"discussion sur le th\u00e8me de la voiture immobile - AUTATE","og_description":"Suite \u00e0 plusieurs discussions dans les groupes de travail sur la r\u00e9vision du PDU et sur le projet TESO, o\u00f9 la question a \u00e9t\u00e9 abord\u00e9e mais jamais trait\u00e9e de fa\u00e7on sp\u00e9cifique, Jean-Luc Zitter (Union des comit\u00e9s de quartiers \u2013 quartier Marengo ) vous invite \u00e0 une discussion sur le th\u00e8me de la voiture immobile leVOIR PLUS","og_url":"https:\/\/autate.fr\/site\/evenement\/discussion-sur-le-theme-de-la-voiture-immobile\/","og_site_name":"AUTATE","article_publisher":"https:\/\/www.facebook.com\/AutateToulouse","twitter_card":"summary_large_image","twitter_site":"@AutateToulouse","twitter_misc":{"Dur\u00e9e de lecture estim\u00e9e":"1 minute"},"schema":{"@context":"https:\/\/schema.org","@graph":[{"@type":"WebPage","@id":"https:\/\/autate.fr\/site\/evenement\/discussion-sur-le-theme-de-la-voiture-immobile\/","url":"https:\/\/autate.fr\/site\/evenement\/discussion-sur-le-theme-de-la-voiture-immobile\/","name":"discussion sur le th\u00e8me de la voiture immobile - AUTATE","isPartOf":{"@id":"https:\/\/autate.fr\/site\/#website"},"datePublished":"2017-03-30T17:45:15+00:00","breadcrumb":{"@id":"https:\/\/autate.fr\/site\/evenement\/discussion-sur-le-theme-de-la-voiture-immobile\/#breadcrumb"},"inLanguage":"fr-FR","potentialAction":[{"@type":"ReadAction","target":["https:\/\/autate.fr\/site\/evenement\/discussion-sur-le-theme-de-la-voiture-immobile\/"]}]},{"@type":"BreadcrumbList","@id":"https:\/\/autate.fr\/site\/evenement\/discussion-sur-le-theme-de-la-voiture-immobile\/#breadcrumb","itemListElement":[{"@type":"ListItem","position":1,"name":"Accueil","item":"https:\/\/autate.fr\/site\/"},{"@type":"ListItem","position":2,"name":"\u00c9v\u00e8nements","item":"https:\/\/autate.fr\/site\/agenda\/"},{"@type":"ListItem","position":3,"name":"discussion sur le th\u00e8me de la voiture immobile"}]},{"@type":"WebSite","@id":"https:\/\/autate.fr\/site\/#website","url":"https:\/\/autate.fr\/site\/","name":"AUTATE","description":"Association des usagers des transports de l&#039;agglom\u00e9ration Toulousaine et de ses environs","publisher":{"@id":"https:\/\/autate.fr\/site\/#organization"},"potentialAction":[{"@type":"SearchAction","target":{"@type":"EntryPoint","urlTemplate":"https:\/\/autate.fr\/site\/?s={search_term_string}"},"query-input":{"@type":"PropertyValueSpecification","valueRequired":true,"valueName":"search_term_string"}}],"inLanguage":"fr-FR"},{"@type":"Organization","@id":"https:\/\/autate.fr\/site\/#organization","name":"AUTATE","url":"https:\/\/autate.fr\/site\/","logo":{"@type":"ImageObject","inLanguage":"fr-FR","@id":"https:\/\/autate.fr\/site\/#\/schema\/logo\/image\/","url":"http:\/\/autate.fr\/site\/wp-content\/uploads\/2019\/01\/logo.png","contentUrl":"http:\/\/autate.fr\/site\/wp-content\/uploads\/2019\/01\/logo.png","width":506,"height":280,"caption":"AUTATE"},"image":{"@id":"https:\/\/autate.fr\/site\/#\/schema\/logo\/image\/"},"sameAs":["https:\/\/www.facebook.com\/AutateToulouse","https:\/\/x.com\/AutateToulouse"]}]}},"_links":{"self":[{"href":"https:\/\/autate.fr\/site\/wp-json\/wp\/v2\/tribe_events\/1420","targetHints":{"allow":["GET"]}}],"collection":[{"href":"https:\/\/autate.fr\/site\/wp-json\/wp\/v2\/tribe_events"}],"about":[{"href":"https:\/\/autate.fr\/site\/wp-json\/wp\/v2\/types\/tribe_events"}],"author":[{"embeddable":true,"href":"https:\/\/autate.fr\/site\/wp-json\/wp\/v2\/users\/1"}],"version-history":[{"count":1,"href":"https:\/\/autate.fr\/site\/wp-json\/wp\/v2\/tribe_events\/1420\/revisions"}],"predecessor-version":[{"id":1421,"href":"https:\/\/autate.fr\/site\/wp-json\/wp\/v2\/tribe_events\/1420\/revisions\/1421"}],"wp:attachment":[{"href":"https:\/\/autate.fr\/site\/wp-json\/wp\/v2\/media?parent=1420"}],"wp:term":[{"taxonomy":"post_tag","embeddable":true,"href":"https:\/\/autate.fr\/site\/wp-json\/wp\/v2\/tags?post=1420"},{"taxonomy":"tribe_events_cat","embeddable":true,"href":"https:\/\/autate.fr\/site\/wp-json\/wp\/v2\/tribe_events_cat?post=1420"}],"curies":[{"name":"wp","href":"https:\/\/api.w.org\/{rel}","templated":true}]}}