{"id":1179,"date":"2017-01-02T20:09:29","date_gmt":"2017-01-02T19:09:29","guid":{"rendered":"http:\/\/autate.fr\/site\/?post_type=tribe_events&#038;p=1179"},"modified":"2017-01-02T22:26:25","modified_gmt":"2017-01-02T21:26:25","slug":"projection-debat-transports","status":"publish","type":"tribe_events","link":"https:\/\/autate.fr\/site\/evenement\/projection-debat-transports\/","title":{"rendered":"projection d\u00e9bat transports \u00e0 l&rsquo;Utopia Tournefeuille"},"content":{"rendered":"<p class=\"soiree\"><strong>Transport public et transformation du territoire, quel avenir pour Toulouse ?<\/strong><\/p>\n<p class=\"soiree\"><strong>Jeudi 2 f\u00e9vrier \u00e0 20h, projection unique suivie d\u2019une rencontre avec le r\u00e9alisateur et d\u2019un d\u00e9bat avec l\u2019<a href=\"http:\/\/autate.fr\" target=\"_blank\">AUTATE<\/a><\/strong>\u00a0 autour des questions pos\u00e9es par le film, en r\u00e9sonance avec le d\u00e9bat sur l\u2019avenir du r\u00e9seau de transport public \u00e0 Toulouse, et sur l\u2019opportunit\u00e9 d\u2019une troisi\u00e8me ligne de m\u00e9tro.<\/p>\n<p class=\"soiree\"><strong>Soir\u00e9e organis\u00e9e avec l\u2019<a href=\"http:\/\/www.universitepopulairetoulouse.fr\" target=\"_blank\">Universit\u00e9 Populaire de Toulouse<\/a><\/strong> (achetez vos places \u00e0 partir du 14 janvier).<\/p>\n<h1><a href=\"http:\/\/www.cinemas-utopia.org\/toulouse\/index.php?id=3276&amp;mode=film\" target=\"_blank\">BIARS-SUR-C\u00c8RE, M\u00c9MOIRE FERROVIAIRE D\u2019UN TERRITOIRE<\/a><\/h1>\n<p>(cliquer pour acc\u00e9der au site du cin\u00e9ma Utopia Tournefeuille)<\/p>\n<p class=\"cast\"><strong>Marc Guiochet<\/strong> &#8211; documentaire France 2015 1h19mn &#8211;<\/p>\n<p class=\"date\">Du 02\/02\/17 au 02\/02\/17 \u00e0 Tournefeuille<\/p>\n<p class=\"date\"><strong>Comment y aller en transports en commun<\/strong> :<\/p>\n<p class=\"date\"><strong>ALLER<\/strong> :<br \/>\n&#8211; aux \u00ab\u00a0Ar\u00e8nes\u00a0\u00bb, Prenez le bus, ligne 65, \u00e0 destination de \u00ab\u00a0Plaisance Monesti\u00e9 PLAISANCE-DU-TOUCH\u00a0\u00bb.<br \/>\nDescendez \u00e0 l&rsquo;arr\u00eat \u00ab\u00a0Les Ch\u00eanes\u00a0\u00bb, Marchez 77 m\u00e8tres sur \u00ab\u00a0Boulevard Vincent Auriol\u00a0\u00bb, puis tout droit : 20 minutes<\/p>\n<p>&#8211; De Plaisance, le 65 direction les Ar\u00e8nes, 18 minutes<\/p>\n<p>&#8211; De Colomiers :<\/p>\n<p>&#8211; soit le bus 21 depuis l&rsquo;arr\u00eat \u00ab\u00a0Colomiers Gare SNCF\u00a0\u00bb, \u00e0 destination de \u00ab\u00a0Basso Cambo TOULOUSE\u00a0\u00bb, arr\u00eat les ch\u00e8nes : 18 minutes.<\/p>\n<p>&#8211; soit le bus L2 \u00e0 destination de \u00ab\u00a0Ar\u00e8nes TOULOUSE\u00a0\u00bb, Correspondance \u00e0 \u00ab\u00a0Caulet\u00a0\u00bb, puis Prenez le bus, ligne 63, \u00e0 destination de \u00ab\u00a0Tournefeuille Lyc\u00e9e\u00a0\u00bb, Descendez \u00e0 l&rsquo;arr\u00eat \u00ab\u00a0Les Ch\u00eanes\u00a0\u00bb, Marchez 77 m\u00e8tres sur \u00ab\u00a0Boulevard Vincent Auriol\u00a0\u00bb, puis tout droit : 28 minutes.<\/p>\n<p><strong>RETOUR<\/strong> : pas de bus<br \/>\nCOVOITURAGE (on s&rsquo;organisera pour ramener tout le monde)<\/p>\n","protected":false},"excerpt":{"rendered":"<p>Transport public et transformation du territoire, quel avenir pour Toulouse ? Jeudi 2 f\u00e9vrier \u00e0 20h, projection unique suivie d\u2019une rencontre avec le r\u00e9alisateur et d\u2019un d\u00e9bat avec l\u2019AUTATE\u00a0 autour des questions pos\u00e9es par le film, en r\u00e9sonance avec le d\u00e9bat sur l\u2019avenir du r\u00e9seau de transport public \u00e0 Toulouse, et sur l\u2019opportunit\u00e9 d\u2019une troisi\u00e8me<\/p>\n<p class=\"more-link\"><a href=\"https:\/\/autate.fr\/site\/evenement\/projection-debat-transports\/\" class=\"themebutton2\">VOIR PLUS<\/a><\/p>\n","protected":false},"author":1,"featured_media":1182,"template":"","meta":{"_tribe_events_status":"","_tribe_events_status_reason":"","footnotes":""},"tags":[],"tribe_events_cat":[184],"class_list":["post-1179","tribe_events","type-tribe_events","status-publish","has-post-thumbnail","hentry","tribe_events_cat-debats","cat_debats"],"yoast_head":"<!-- This site is optimized with the Yoast SEO plugin v27.4 - https:\/\/yoast.com\/product\/yoast-seo-wordpress\/ -->\n<title>projection d\u00e9bat transports \u00e0 l&#039;Utopia Tournefeuille - AUTATE<\/title>\n<meta name=\"robots\" content=\"index, follow, max-snippet:-1, max-image-preview:large, max-video-preview:-1\" \/>\n<link rel=\"canonical\" href=\"https:\/\/autate.fr\/site\/evenement\/projection-debat-transports\/\" \/>\n<meta property=\"og:locale\" content=\"fr_FR\" \/>\n<meta property=\"og:type\" content=\"article\" \/>\n<meta property=\"og:title\" content=\"projection d\u00e9bat transports \u00e0 l&#039;Utopia Tournefeuille - AUTATE\" \/>\n<meta property=\"og:description\" content=\"Transport public et transformation du territoire, quel avenir pour Toulouse ? Jeudi 2 f\u00e9vrier \u00e0 20h, projection unique suivie d\u2019une rencontre avec le r\u00e9alisateur et d\u2019un d\u00e9bat avec l\u2019AUTATE\u00a0 autour des questions pos\u00e9es par le film, en r\u00e9sonance avec le d\u00e9bat sur l\u2019avenir du r\u00e9seau de transport public \u00e0 Toulouse, et sur l\u2019opportunit\u00e9 d\u2019une troisi\u00e8meVOIR PLUS\" \/>\n<meta property=\"og:url\" content=\"https:\/\/autate.fr\/site\/evenement\/projection-debat-transports\/\" \/>\n<meta property=\"og:site_name\" content=\"AUTATE\" \/>\n<meta property=\"article:publisher\" content=\"https:\/\/www.facebook.com\/AutateToulouse\" \/>\n<meta property=\"article:modified_time\" content=\"2017-01-02T21:26:25+00:00\" \/>\n<meta property=\"og:image\" content=\"https:\/\/autate.fr\/site\/wp-content\/uploads\/2017\/01\/cineautate.jpeg\" \/>\n\t<meta property=\"og:image:width\" content=\"340\" \/>\n\t<meta property=\"og:image:height\" content=\"340\" \/>\n\t<meta property=\"og:image:type\" content=\"image\/jpeg\" \/>\n<meta name=\"twitter:card\" content=\"summary_large_image\" \/>\n<meta name=\"twitter:site\" content=\"@AutateToulouse\" \/>\n<meta name=\"twitter:label1\" content=\"Dur\u00e9e de lecture estim\u00e9e\" \/>\n\t<meta name=\"twitter:data1\" content=\"1 minute\" \/>\n<script type=\"application\/ld+json\" class=\"yoast-schema-graph\">{\"@context\":\"https:\\\/\\\/schema.org\",\"@graph\":[{\"@type\":\"WebPage\",\"@id\":\"https:\\\/\\\/autate.fr\\\/site\\\/evenement\\\/projection-debat-transports\\\/\",\"url\":\"https:\\\/\\\/autate.fr\\\/site\\\/evenement\\\/projection-debat-transports\\\/\",\"name\":\"projection d\u00e9bat transports \u00e0 l'Utopia Tournefeuille - AUTATE\",\"isPartOf\":{\"@id\":\"https:\\\/\\\/autate.fr\\\/site\\\/#website\"},\"primaryImageOfPage\":{\"@id\":\"https:\\\/\\\/autate.fr\\\/site\\\/evenement\\\/projection-debat-transports\\\/#primaryimage\"},\"image\":{\"@id\":\"https:\\\/\\\/autate.fr\\\/site\\\/evenement\\\/projection-debat-transports\\\/#primaryimage\"},\"thumbnailUrl\":\"https:\\\/\\\/autate.fr\\\/site\\\/wp-content\\\/uploads\\\/2017\\\/01\\\/cineautate.jpeg\",\"datePublished\":\"2017-01-02T19:09:29+00:00\",\"dateModified\":\"2017-01-02T21:26:25+00:00\",\"breadcrumb\":{\"@id\":\"https:\\\/\\\/autate.fr\\\/site\\\/evenement\\\/projection-debat-transports\\\/#breadcrumb\"},\"inLanguage\":\"fr-FR\",\"potentialAction\":[{\"@type\":\"ReadAction\",\"target\":[\"https:\\\/\\\/autate.fr\\\/site\\\/evenement\\\/projection-debat-transports\\\/\"]}]},{\"@type\":\"ImageObject\",\"inLanguage\":\"fr-FR\",\"@id\":\"https:\\\/\\\/autate.fr\\\/site\\\/evenement\\\/projection-debat-transports\\\/#primaryimage\",\"url\":\"https:\\\/\\\/autate.fr\\\/site\\\/wp-content\\\/uploads\\\/2017\\\/01\\\/cineautate.jpeg\",\"contentUrl\":\"https:\\\/\\\/autate.fr\\\/site\\\/wp-content\\\/uploads\\\/2017\\\/01\\\/cineautate.jpeg\",\"width\":340,\"height\":340},{\"@type\":\"BreadcrumbList\",\"@id\":\"https:\\\/\\\/autate.fr\\\/site\\\/evenement\\\/projection-debat-transports\\\/#breadcrumb\",\"itemListElement\":[{\"@type\":\"ListItem\",\"position\":1,\"name\":\"Accueil\",\"item\":\"https:\\\/\\\/autate.fr\\\/site\\\/\"},{\"@type\":\"ListItem\",\"position\":2,\"name\":\"\u00c9v\u00e8nements\",\"item\":\"https:\\\/\\\/autate.fr\\\/site\\\/agenda\\\/\"},{\"@type\":\"ListItem\",\"position\":3,\"name\":\"projection d\u00e9bat transports \u00e0 l&rsquo;Utopia Tournefeuille\"}]},{\"@type\":\"WebSite\",\"@id\":\"https:\\\/\\\/autate.fr\\\/site\\\/#website\",\"url\":\"https:\\\/\\\/autate.fr\\\/site\\\/\",\"name\":\"AUTATE\",\"description\":\"Association des usagers des transports de l&#039;agglom\u00e9ration Toulousaine et de ses environs\",\"publisher\":{\"@id\":\"https:\\\/\\\/autate.fr\\\/site\\\/#organization\"},\"potentialAction\":[{\"@type\":\"SearchAction\",\"target\":{\"@type\":\"EntryPoint\",\"urlTemplate\":\"https:\\\/\\\/autate.fr\\\/site\\\/?s={search_term_string}\"},\"query-input\":{\"@type\":\"PropertyValueSpecification\",\"valueRequired\":true,\"valueName\":\"search_term_string\"}}],\"inLanguage\":\"fr-FR\"},{\"@type\":\"Organization\",\"@id\":\"https:\\\/\\\/autate.fr\\\/site\\\/#organization\",\"name\":\"AUTATE\",\"url\":\"https:\\\/\\\/autate.fr\\\/site\\\/\",\"logo\":{\"@type\":\"ImageObject\",\"inLanguage\":\"fr-FR\",\"@id\":\"https:\\\/\\\/autate.fr\\\/site\\\/#\\\/schema\\\/logo\\\/image\\\/\",\"url\":\"http:\\\/\\\/autate.fr\\\/site\\\/wp-content\\\/uploads\\\/2019\\\/01\\\/logo.png\",\"contentUrl\":\"http:\\\/\\\/autate.fr\\\/site\\\/wp-content\\\/uploads\\\/2019\\\/01\\\/logo.png\",\"width\":506,\"height\":280,\"caption\":\"AUTATE\"},\"image\":{\"@id\":\"https:\\\/\\\/autate.fr\\\/site\\\/#\\\/schema\\\/logo\\\/image\\\/\"},\"sameAs\":[\"https:\\\/\\\/www.facebook.com\\\/AutateToulouse\",\"https:\\\/\\\/x.com\\\/AutateToulouse\"]}]}<\/script>\n<!-- \/ Yoast SEO plugin. -->","yoast_head_json":{"title":"projection d\u00e9bat transports \u00e0 l'Utopia Tournefeuille - AUTATE","robots":{"index":"index","follow":"follow","max-snippet":"max-snippet:-1","max-image-preview":"max-image-preview:large","max-video-preview":"max-video-preview:-1"},"canonical":"https:\/\/autate.fr\/site\/evenement\/projection-debat-transports\/","og_locale":"fr_FR","og_type":"article","og_title":"projection d\u00e9bat transports \u00e0 l'Utopia Tournefeuille - AUTATE","og_description":"Transport public et transformation du territoire, quel avenir pour Toulouse ? Jeudi 2 f\u00e9vrier \u00e0 20h, projection unique suivie d\u2019une rencontre avec le r\u00e9alisateur et d\u2019un d\u00e9bat avec l\u2019AUTATE\u00a0 autour des questions pos\u00e9es par le film, en r\u00e9sonance avec le d\u00e9bat sur l\u2019avenir du r\u00e9seau de transport public \u00e0 Toulouse, et sur l\u2019opportunit\u00e9 d\u2019une troisi\u00e8meVOIR PLUS","og_url":"https:\/\/autate.fr\/site\/evenement\/projection-debat-transports\/","og_site_name":"AUTATE","article_publisher":"https:\/\/www.facebook.com\/AutateToulouse","article_modified_time":"2017-01-02T21:26:25+00:00","og_image":[{"width":340,"height":340,"url":"https:\/\/autate.fr\/site\/wp-content\/uploads\/2017\/01\/cineautate.jpeg","type":"image\/jpeg"}],"twitter_card":"summary_large_image","twitter_site":"@AutateToulouse","twitter_misc":{"Dur\u00e9e de lecture estim\u00e9e":"1 minute"},"schema":{"@context":"https:\/\/schema.org","@graph":[{"@type":"WebPage","@id":"https:\/\/autate.fr\/site\/evenement\/projection-debat-transports\/","url":"https:\/\/autate.fr\/site\/evenement\/projection-debat-transports\/","name":"projection d\u00e9bat transports \u00e0 l'Utopia Tournefeuille - AUTATE","isPartOf":{"@id":"https:\/\/autate.fr\/site\/#website"},"primaryImageOfPage":{"@id":"https:\/\/autate.fr\/site\/evenement\/projection-debat-transports\/#primaryimage"},"image":{"@id":"https:\/\/autate.fr\/site\/evenement\/projection-debat-transports\/#primaryimage"},"thumbnailUrl":"https:\/\/autate.fr\/site\/wp-content\/uploads\/2017\/01\/cineautate.jpeg","datePublished":"2017-01-02T19:09:29+00:00","dateModified":"2017-01-02T21:26:25+00:00","breadcrumb":{"@id":"https:\/\/autate.fr\/site\/evenement\/projection-debat-transports\/#breadcrumb"},"inLanguage":"fr-FR","potentialAction":[{"@type":"ReadAction","target":["https:\/\/autate.fr\/site\/evenement\/projection-debat-transports\/"]}]},{"@type":"ImageObject","inLanguage":"fr-FR","@id":"https:\/\/autate.fr\/site\/evenement\/projection-debat-transports\/#primaryimage","url":"https:\/\/autate.fr\/site\/wp-content\/uploads\/2017\/01\/cineautate.jpeg","contentUrl":"https:\/\/autate.fr\/site\/wp-content\/uploads\/2017\/01\/cineautate.jpeg","width":340,"height":340},{"@type":"BreadcrumbList","@id":"https:\/\/autate.fr\/site\/evenement\/projection-debat-transports\/#breadcrumb","itemListElement":[{"@type":"ListItem","position":1,"name":"Accueil","item":"https:\/\/autate.fr\/site\/"},{"@type":"ListItem","position":2,"name":"\u00c9v\u00e8nements","item":"https:\/\/autate.fr\/site\/agenda\/"},{"@type":"ListItem","position":3,"name":"projection d\u00e9bat transports \u00e0 l&rsquo;Utopia Tournefeuille"}]},{"@type":"WebSite","@id":"https:\/\/autate.fr\/site\/#website","url":"https:\/\/autate.fr\/site\/","name":"AUTATE","description":"Association des usagers des transports de l&#039;agglom\u00e9ration Toulousaine et de ses environs","publisher":{"@id":"https:\/\/autate.fr\/site\/#organization"},"potentialAction":[{"@type":"SearchAction","target":{"@type":"EntryPoint","urlTemplate":"https:\/\/autate.fr\/site\/?s={search_term_string}"},"query-input":{"@type":"PropertyValueSpecification","valueRequired":true,"valueName":"search_term_string"}}],"inLanguage":"fr-FR"},{"@type":"Organization","@id":"https:\/\/autate.fr\/site\/#organization","name":"AUTATE","url":"https:\/\/autate.fr\/site\/","logo":{"@type":"ImageObject","inLanguage":"fr-FR","@id":"https:\/\/autate.fr\/site\/#\/schema\/logo\/image\/","url":"http:\/\/autate.fr\/site\/wp-content\/uploads\/2019\/01\/logo.png","contentUrl":"http:\/\/autate.fr\/site\/wp-content\/uploads\/2019\/01\/logo.png","width":506,"height":280,"caption":"AUTATE"},"image":{"@id":"https:\/\/autate.fr\/site\/#\/schema\/logo\/image\/"},"sameAs":["https:\/\/www.facebook.com\/AutateToulouse","https:\/\/x.com\/AutateToulouse"]}]}},"_links":{"self":[{"href":"https:\/\/autate.fr\/site\/wp-json\/wp\/v2\/tribe_events\/1179","targetHints":{"allow":["GET"]}}],"collection":[{"href":"https:\/\/autate.fr\/site\/wp-json\/wp\/v2\/tribe_events"}],"about":[{"href":"https:\/\/autate.fr\/site\/wp-json\/wp\/v2\/types\/tribe_events"}],"author":[{"embeddable":true,"href":"https:\/\/autate.fr\/site\/wp-json\/wp\/v2\/users\/1"}],"version-history":[{"count":3,"href":"https:\/\/autate.fr\/site\/wp-json\/wp\/v2\/tribe_events\/1179\/revisions"}],"predecessor-version":[{"id":1197,"href":"https:\/\/autate.fr\/site\/wp-json\/wp\/v2\/tribe_events\/1179\/revisions\/1197"}],"wp:featuredmedia":[{"embeddable":true,"href":"https:\/\/autate.fr\/site\/wp-json\/wp\/v2\/media\/1182"}],"wp:attachment":[{"href":"https:\/\/autate.fr\/site\/wp-json\/wp\/v2\/media?parent=1179"}],"wp:term":[{"taxonomy":"post_tag","embeddable":true,"href":"https:\/\/autate.fr\/site\/wp-json\/wp\/v2\/tags?post=1179"},{"taxonomy":"tribe_events_cat","embeddable":true,"href":"https:\/\/autate.fr\/site\/wp-json\/wp\/v2\/tribe_events_cat?post=1179"}],"curies":[{"name":"wp","href":"https:\/\/api.w.org\/{rel}","templated":true}]}}