{"version":"1.0","provider_name":"AUTATE","provider_url":"https:\/\/autate.fr\/site","author_name":"pascalbarbier","author_url":"https:\/\/autate.fr\/site\/author\/pascalbarbier\/","title":"Les transports dans l\u2019ouest de l\u2019agglom\u00e9ration - AUTATE","type":"rich","width":600,"height":338,"html":"<blockquote class=\"wp-embedded-content\" data-secret=\"28f4P45qz8\"><a href=\"https:\/\/autate.fr\/site\/evenement\/les-transports-dans-louest-de-lagglomeration\/\">Les transports dans l\u2019ouest de l\u2019agglom\u00e9ration<\/a><\/blockquote><iframe sandbox=\"allow-scripts\" security=\"restricted\" src=\"https:\/\/autate.fr\/site\/evenement\/les-transports-dans-louest-de-lagglomeration\/embed\/#?secret=28f4P45qz8\" width=\"600\" height=\"338\" title=\"\u00ab\u00a0Les transports dans l\u2019ouest de l\u2019agglom\u00e9ration\u00a0\u00bb &#8212; AUTATE\" data-secret=\"28f4P45qz8\" frameborder=\"0\" marginwidth=\"0\" marginheight=\"0\" scrolling=\"no\" class=\"wp-embedded-content\"><\/iframe><script type=\"text\/javascript\">\n\/* <![CDATA[ *\/\n\/*! This file is auto-generated *\/\n!function(d,l){\"use strict\";l.querySelector&&d.addEventListener&&\"undefined\"!=typeof URL&&(d.wp=d.wp||{},d.wp.receiveEmbedMessage||(d.wp.receiveEmbedMessage=function(e){var t=e.data;if((t||t.secret||t.message||t.value)&&!\/[^a-zA-Z0-9]\/.test(t.secret)){for(var s,r,n,a=l.querySelectorAll('iframe[data-secret=\"'+t.secret+'\"]'),o=l.querySelectorAll('blockquote[data-secret=\"'+t.secret+'\"]'),c=new RegExp(\"^https?:$\",\"i\"),i=0;i<o.length;i++)o[i].style.display=\"none\";for(i=0;i<a.length;i++)s=a[i],e.source===s.contentWindow&&(s.removeAttribute(\"style\"),\"height\"===t.message?(1e3<(r=parseInt(t.value,10))?r=1e3:~~r<200&&(r=200),s.height=r):\"link\"===t.message&&(r=new URL(s.getAttribute(\"src\")),n=new URL(t.value),c.test(n.protocol))&&n.host===r.host&&l.activeElement===s&&(d.top.location.href=t.value))}},d.addEventListener(\"message\",d.wp.receiveEmbedMessage,!1),l.addEventListener(\"DOMContentLoaded\",function(){for(var e,t,s=l.querySelectorAll(\"iframe.wp-embedded-content\"),r=0;r<s.length;r++)(t=(e=s[r]).getAttribute(\"data-secret\"))||(t=Math.random().toString(36).substring(2,12),e.src+=\"#?secret=\"+t,e.setAttribute(\"data-secret\",t)),e.contentWindow.postMessage({message:\"ready\",secret:t},\"*\")},!1)))}(window,document);\n\/\/# sourceURL=https:\/\/autate.fr\/site\/wp-includes\/js\/wp-embed.min.js\n\/* ]]> *\/\n<\/script>\n","description":"L\u2019 AUTATE, le Collectif du D\u00e9sert de l\u2019Ouest et TAE (Tournefeuille Avenir Environnement) organisent une r\u00e9union sur Les transports dans l\u2019ouest de l\u2019agglom\u00e9ration lundi 26 mars \u00e0 18h30 salle rouge du Phare \u00e0 Tournefeuille &#8211; Point sur la situation actuelle et \u00e0 venir des transports en commun du secteur &#8211; \u00c9changes autour de vos exp\u00e9riences,VOIR PLUS"}