{"version":"1.0","provider_name":"AUTATE","provider_url":"https:\/\/autate.fr\/site","author_name":"Marie-Pierre Bes","author_url":"https:\/\/autate.fr\/site\/author\/mariepierre\/","title":"Des Blagnacais contestent le projet de 3\u00e8me ligne de m\u00e9tro - AUTATE","type":"rich","width":600,"height":338,"html":"<blockquote class=\"wp-embedded-content\" data-secret=\"GhiX6LkJim\"><a href=\"https:\/\/autate.fr\/site\/des-blagnacais-contestent-la-3eme-ligne-de-metro\/\">Des Blagnacais contestent le projet de 3\u00e8me ligne de m\u00e9tro<\/a><\/blockquote><iframe sandbox=\"allow-scripts\" security=\"restricted\" src=\"https:\/\/autate.fr\/site\/des-blagnacais-contestent-la-3eme-ligne-de-metro\/embed\/#?secret=GhiX6LkJim\" width=\"600\" height=\"338\" title=\"\u00ab\u00a0Des Blagnacais contestent le projet de 3\u00e8me ligne de m\u00e9tro\u00a0\u00bb &#8212; AUTATE\" data-secret=\"GhiX6LkJim\" frameborder=\"0\" marginwidth=\"0\" marginheight=\"0\" scrolling=\"no\" class=\"wp-embedded-content\"><\/iframe><script type=\"text\/javascript\">\n\/* <![CDATA[ *\/\n\/*! This file is auto-generated *\/\n!function(d,l){\"use strict\";l.querySelector&&d.addEventListener&&\"undefined\"!=typeof URL&&(d.wp=d.wp||{},d.wp.receiveEmbedMessage||(d.wp.receiveEmbedMessage=function(e){var t=e.data;if((t||t.secret||t.message||t.value)&&!\/[^a-zA-Z0-9]\/.test(t.secret)){for(var s,r,n,a=l.querySelectorAll('iframe[data-secret=\"'+t.secret+'\"]'),o=l.querySelectorAll('blockquote[data-secret=\"'+t.secret+'\"]'),c=new RegExp(\"^https?:$\",\"i\"),i=0;i<o.length;i++)o[i].style.display=\"none\";for(i=0;i<a.length;i++)s=a[i],e.source===s.contentWindow&&(s.removeAttribute(\"style\"),\"height\"===t.message?(1e3<(r=parseInt(t.value,10))?r=1e3:~~r<200&&(r=200),s.height=r):\"link\"===t.message&&(r=new URL(s.getAttribute(\"src\")),n=new URL(t.value),c.test(n.protocol))&&n.host===r.host&&l.activeElement===s&&(d.top.location.href=t.value))}},d.addEventListener(\"message\",d.wp.receiveEmbedMessage,!1),l.addEventListener(\"DOMContentLoaded\",function(){for(var e,t,s=l.querySelectorAll(\"iframe.wp-embedded-content\"),r=0;r<s.length;r++)(t=(e=s[r]).getAttribute(\"data-secret\"))||(t=Math.random().toString(36).substring(2,12),e.src+=\"#?secret=\"+t,e.setAttribute(\"data-secret\",t)),e.contentWindow.postMessage({message:\"ready\",secret:t},\"*\")},!1)))}(window,document);\n\/\/# sourceURL=https:\/\/autate.fr\/site\/wp-includes\/js\/wp-embed.min.js\n\/* ]]> *\/\n<\/script>\n","description":"Notre association soutient l&rsquo;association environnementaliste de Blagnac (ABAVE) qui se prononce contre la 3\u00e8me ligne avec ces arguments : &#8211; le projet n&rsquo;est pas objectif lorsqu&rsquo;il compare les temps de parcours. En effet, pour un trajet entre l&rsquo;a\u00e9roport et Matabiau le temps de parcours actuel [T2+m\u00e9tro ligne A] est de 23 \u00e0 25mn. Avec laVOIR PLUS"}